{"id":378,"date":"2018-09-25T08:26:41","date_gmt":"2018-09-25T08:26:41","guid":{"rendered":"http:\/\/demo.athemes.com\/atu-health-coach\/?page_id=378"},"modified":"2024-06-06T09:57:50","modified_gmt":"2024-06-06T07:57:50","slug":"about-us","status":"publish","type":"page","link":"https:\/\/potentielmaison.fr\/index.php\/about-us\/","title":{"rendered":"Accueil"},"content":{"rendered":"\t\t<div data-elementor-type=\"wp-post\" data-elementor-id=\"378\" class=\"elementor elementor-378\">\n\t\t\t\t\t\t\t\t\t<section class=\"elementor-section elementor-top-section elementor-element elementor-element-0e9a205 elementor-section-boxed elementor-section-height-default elementor-section-height-default\" data-id=\"0e9a205\" data-element_type=\"section\" data-settings=\"{&quot;background_background&quot;:&quot;classic&quot;}\">\n\t\t\t\t\t\t<div class=\"elementor-container elementor-column-gap-wider\">\n\t\t\t\t\t<div class=\"elementor-column elementor-col-50 elementor-top-column elementor-element elementor-element-c1f0944\" data-id=\"c1f0944\" data-element_type=\"column\">\n\t\t\t<div class=\"elementor-widget-wrap elementor-element-populated\">\n\t\t\t\t\t\t\t\t<div class=\"elementor-element elementor-element-1b0e4a3 elementor-widget elementor-widget-heading\" data-id=\"1b0e4a3\" data-element_type=\"widget\" data-widget_type=\"heading.default\">\n\t\t\t\t<div class=\"elementor-widget-container\">\n\t\t\t<h2 class=\"elementor-heading-title elementor-size-default\">Rencontrons nous<\/h2>\t\t<\/div>\n\t\t\t\t<\/div>\n\t\t\t\t<div class=\"elementor-element elementor-element-f16b1ee elementor-widget elementor-widget-text-editor\" data-id=\"f16b1ee\" data-element_type=\"widget\" data-widget_type=\"text-editor.default\">\n\t\t\t\t<div class=\"elementor-widget-container\">\n\t\t\t\t\t\t\t<p>Passionn\u00e9e depuis toujours par la couleur et le volume, j&rsquo;ai \u00e9tudi\u00e9 l&rsquo;architecture int\u00e9rieur \u00e0 l&rsquo;\u00e9cole CAMONDO (dipl\u00f4me d&rsquo;\u00e9tat). Architecte d&rsquo;int\u00e9rieur et d\u00e9corateur \u00e0 Lille et sur la r\u00e9gion Nord, J&rsquo;ai d&rsquo;abord travaill\u00e9 en agence sur tout type de projets.<\/p><p>Tr\u00e8s cr\u00e9ative, j&rsquo;aime la couleur, la mati\u00e8re, les jeux de volumes, l&rsquo;association du chin\u00e9 et du contemporain&#8230;<\/p><p>Mais par dessus tout, j&rsquo;aime que ceux qui y habitent s&rsquo;y sentent bien.<\/p><p>Pour tout projet, j&rsquo;applique donc trois principes; l&rsquo;apport personnel (le v\u00f4tre pour que vous y soyez bien), la compr\u00e9hension et l&rsquo;analyse du projet, et la sp\u00e9cificit\u00e9 du lieu.<\/p><p>J&rsquo;aime vous accompagner dans la conception de votre projet, pour qu&rsquo;il soit unique, sur-mesure, pour qu&rsquo;ensemble nous r\u00e9v\u00e9lions tout le potentiel de votre lieu.<\/p><p>Alors, ensemble, osons concr\u00e9tiser vos r\u00eaves..<\/p>\t\t\t\t\t\t<\/div>\n\t\t\t\t<\/div>\n\t\t\t\t<div class=\"elementor-element elementor-element-19c4d51 elementor-widget elementor-widget-text-editor\" data-id=\"19c4d51\" data-element_type=\"widget\" data-widget_type=\"text-editor.default\">\n\t\t\t\t<div class=\"elementor-widget-container\">\n\t\t\t\t\t\t\t<h6>Votre architecte d&rsquo;int\u00e9rieur et d\u00e9coratrice \u00e0 Lille , Nord\u00a0<\/h6>\t\t\t\t\t\t<\/div>\n\t\t\t\t<\/div>\n\t\t\t\t<div class=\"elementor-element elementor-element-d95854d elementor-widget elementor-widget-button\" data-id=\"d95854d\" data-element_type=\"widget\" data-widget_type=\"button.default\">\n\t\t\t\t<div class=\"elementor-widget-container\">\n\t\t\t\t\t<div class=\"elementor-button-wrapper\">\n\t\t\t<a class=\"elementor-button elementor-button-link elementor-size-sm\" href=\"http:\/\/potentielmaison.fr\/index.php\/contact\/\">\n\t\t\t\t\t\t<span class=\"elementor-button-content-wrapper\">\n\t\t\t\t\t\t<span class=\"elementor-button-icon elementor-align-icon-left\">\n\t\t\t\t<i aria-hidden=\"true\" class=\"far fa-envelope\"><\/i>\t\t\t<\/span>\n\t\t\t\t\t\t<span class=\"elementor-button-text\">Contact<\/span>\n\t\t<\/span>\n\t\t\t\t\t<\/a>\n\t\t<\/div>\n\t\t\t\t<\/div>\n\t\t\t\t<\/div>\n\t\t\t\t\t<\/div>\n\t\t<\/div>\n\t\t\t\t<div class=\"elementor-column elementor-col-50 elementor-top-column elementor-element elementor-element-88ebe2f\" data-id=\"88ebe2f\" data-element_type=\"column\">\n\t\t\t<div class=\"elementor-widget-wrap elementor-element-populated\">\n\t\t\t\t\t\t\t\t<div class=\"elementor-element elementor-element-830325b elementor-widget elementor-widget-image\" data-id=\"830325b\" data-element_type=\"widget\" data-widget_type=\"image.default\">\n\t\t\t\t<div class=\"elementor-widget-container\">\n\t\t\t\t\t\t\t\t\t\t\t\t\t\t\t<img loading=\"lazy\" decoding=\"async\" width=\"1024\" height=\"683\" src=\"https:\/\/potentielmaison.fr\/wp-content\/uploads\/2019\/12\/interieur-deco-1024x683.jpg\" class=\"attachment-large size-large wp-image-430\" alt=\"\" srcset=\"https:\/\/potentielmaison.fr\/wp-content\/uploads\/2019\/12\/interieur-deco-1024x683.jpg 1024w, https:\/\/potentielmaison.fr\/wp-content\/uploads\/2019\/12\/interieur-deco-300x200.jpg 300w, https:\/\/potentielmaison.fr\/wp-content\/uploads\/2019\/12\/interieur-deco-768x512.jpg 768w, https:\/\/potentielmaison.fr\/wp-content\/uploads\/2019\/12\/interieur-deco-1536x1025.jpg 1536w, https:\/\/potentielmaison.fr\/wp-content\/uploads\/2019\/12\/interieur-deco-720x480.jpg 720w, https:\/\/potentielmaison.fr\/wp-content\/uploads\/2019\/12\/interieur-deco.jpg 1920w\" sizes=\"(max-width: 1024px) 100vw, 1024px\" \/>\t\t\t\t\t\t\t\t\t\t\t\t\t\t\t<\/div>\n\t\t\t\t<\/div>\n\t\t\t\t\t<\/div>\n\t\t<\/div>\n\t\t\t\t\t\t\t<\/div>\n\t\t<\/section>\n\t\t\t\t<section class=\"elementor-section elementor-top-section elementor-element elementor-element-f18a70d elementor-section-boxed elementor-section-height-default elementor-section-height-default\" data-id=\"f18a70d\" data-element_type=\"section\">\n\t\t\t\t\t\t<div class=\"elementor-container elementor-column-gap-default\">\n\t\t\t\t\t<div class=\"elementor-column elementor-col-100 elementor-top-column elementor-element elementor-element-10bc54a\" data-id=\"10bc54a\" data-element_type=\"column\">\n\t\t\t<div class=\"elementor-widget-wrap elementor-element-populated\">\n\t\t\t\t\t\t\t\t<div class=\"elementor-element elementor-element-82424df elementor-widget elementor-widget-heading\" data-id=\"82424df\" data-element_type=\"widget\" data-widget_type=\"heading.default\">\n\t\t\t\t<div class=\"elementor-widget-container\">\n\t\t\t<h2 class=\"elementor-heading-title elementor-size-default\">Mes services<\/h2>\t\t<\/div>\n\t\t\t\t<\/div>\n\t\t\t\t<section class=\"elementor-section elementor-inner-section elementor-element elementor-element-75d821d elementor-section-boxed elementor-section-height-default elementor-section-height-default\" data-id=\"75d821d\" data-element_type=\"section\">\n\t\t\t\t\t\t<div class=\"elementor-container elementor-column-gap-narrow\">\n\t\t\t\t\t<div class=\"elementor-column elementor-col-25 elementor-inner-column elementor-element elementor-element-1a67074\" data-id=\"1a67074\" data-element_type=\"column\" data-settings=\"{&quot;background_background&quot;:&quot;classic&quot;}\">\n\t\t\t<div class=\"elementor-widget-wrap elementor-element-populated\">\n\t\t\t\t\t\t\t\t<div class=\"elementor-element elementor-element-a8e690b elementor-widget elementor-widget-image\" data-id=\"a8e690b\" data-element_type=\"widget\" data-widget_type=\"image.default\">\n\t\t\t\t<div class=\"elementor-widget-container\">\n\t\t\t\t\t\t\t\t\t\t\t\t\t\t\t<img loading=\"lazy\" decoding=\"async\" width=\"1024\" height=\"683\" src=\"https:\/\/potentielmaison.fr\/wp-content\/uploads\/2019\/12\/nuancier-architecte-dinterieur-1024x683.jpg\" class=\"attachment-large size-large wp-image-449\" alt=\"\" srcset=\"https:\/\/potentielmaison.fr\/wp-content\/uploads\/2019\/12\/nuancier-architecte-dinterieur-1024x683.jpg 1024w, https:\/\/potentielmaison.fr\/wp-content\/uploads\/2019\/12\/nuancier-architecte-dinterieur-300x200.jpg 300w, https:\/\/potentielmaison.fr\/wp-content\/uploads\/2019\/12\/nuancier-architecte-dinterieur-768x512.jpg 768w, https:\/\/potentielmaison.fr\/wp-content\/uploads\/2019\/12\/nuancier-architecte-dinterieur-1536x1024.jpg 1536w, https:\/\/potentielmaison.fr\/wp-content\/uploads\/2019\/12\/nuancier-architecte-dinterieur-720x480.jpg 720w, https:\/\/potentielmaison.fr\/wp-content\/uploads\/2019\/12\/nuancier-architecte-dinterieur.jpg 1920w\" sizes=\"(max-width: 1024px) 100vw, 1024px\" \/>\t\t\t\t\t\t\t\t\t\t\t\t\t\t\t<\/div>\n\t\t\t\t<\/div>\n\t\t\t\t<div class=\"elementor-element elementor-element-5bcd35d elementor-view-default elementor-position-top elementor-mobile-position-top elementor-widget elementor-widget-icon-box\" data-id=\"5bcd35d\" data-element_type=\"widget\" data-widget_type=\"icon-box.default\">\n\t\t\t\t<div class=\"elementor-widget-container\">\n\t\t\t\t\t<div class=\"elementor-icon-box-wrapper\">\n\t\t\t\t\t\t<div class=\"elementor-icon-box-icon\">\n\t\t\t\t<a href=\"http:\/\/potentielmaison.fr\/index.php\/prestations\/\" class=\"elementor-icon elementor-animation-\" tabindex=\"-1\">\n\t\t\t\t<i aria-hidden=\"true\" class=\"far fa-handshake\"><\/i>\t\t\t\t<\/a>\n\t\t\t<\/div>\n\t\t\t\t\t\t<div class=\"elementor-icon-box-content\">\n\t\t\t\t<h3 class=\"elementor-icon-box-title\">\n\t\t\t\t\t<a href=\"http:\/\/potentielmaison.fr\/index.php\/prestations\/\" >\n\t\t\t\t\t\tVisite conseil Coaching d\u00e9co\t\t\t\t\t<\/a>\n\t\t\t\t<\/h3>\n\t\t\t\t\t\t\t\t\t<p class=\"elementor-icon-box-description\">\n\t\t\t\t\t\t<span style=\"white-space-collapse: collapse;\">A partir de 150 euros, la visite de deux heures<\/span>\t\t\t\t\t<\/p>\n\t\t\t\t\t\t\t<\/div>\n\t\t<\/div>\n\t\t\t\t<\/div>\n\t\t\t\t<\/div>\n\t\t\t\t<div class=\"elementor-element elementor-element-07e44be elementor-widget elementor-widget-image\" data-id=\"07e44be\" data-element_type=\"widget\" data-widget_type=\"image.default\">\n\t\t\t\t<div class=\"elementor-widget-container\">\n\t\t\t\t\t\t\t\t\t\t\t\t\t\t\t<img loading=\"lazy\" decoding=\"async\" width=\"1024\" height=\"683\" src=\"https:\/\/potentielmaison.fr\/wp-content\/uploads\/2019\/12\/chaise-deco-1024x683.jpg\" class=\"attachment-large size-large wp-image-534\" alt=\"\" srcset=\"https:\/\/potentielmaison.fr\/wp-content\/uploads\/2019\/12\/chaise-deco-1024x683.jpg 1024w, https:\/\/potentielmaison.fr\/wp-content\/uploads\/2019\/12\/chaise-deco-300x200.jpg 300w, https:\/\/potentielmaison.fr\/wp-content\/uploads\/2019\/12\/chaise-deco-768x512.jpg 768w, https:\/\/potentielmaison.fr\/wp-content\/uploads\/2019\/12\/chaise-deco-1536x1024.jpg 1536w, https:\/\/potentielmaison.fr\/wp-content\/uploads\/2019\/12\/chaise-deco-720x480.jpg 720w, https:\/\/potentielmaison.fr\/wp-content\/uploads\/2019\/12\/chaise-deco.jpg 1920w\" sizes=\"(max-width: 1024px) 100vw, 1024px\" \/>\t\t\t\t\t\t\t\t\t\t\t\t\t\t\t<\/div>\n\t\t\t\t<\/div>\n\t\t\t\t<div class=\"elementor-element elementor-element-1de6fe8 elementor-view-default elementor-position-top elementor-mobile-position-top elementor-widget elementor-widget-icon-box\" data-id=\"1de6fe8\" data-element_type=\"widget\" data-widget_type=\"icon-box.default\">\n\t\t\t\t<div class=\"elementor-widget-container\">\n\t\t\t\t\t<div class=\"elementor-icon-box-wrapper\">\n\t\t\t\t\t\t<div class=\"elementor-icon-box-icon\">\n\t\t\t\t<a href=\"http:\/\/potentielmaison.fr\/index.php\/prestations\/\" class=\"elementor-icon elementor-animation-\" tabindex=\"-1\">\n\t\t\t\t<i aria-hidden=\"true\" class=\"far fa-handshake\"><\/i>\t\t\t\t<\/a>\n\t\t\t<\/div>\n\t\t\t\t\t\t<div class=\"elementor-icon-box-content\">\n\t\t\t\t<h3 class=\"elementor-icon-box-title\">\n\t\t\t\t\t<a href=\"http:\/\/potentielmaison.fr\/index.php\/prestations\/\" >\n\t\t\t\t\t\tProfessionnel\t\t\t\t\t<\/a>\n\t\t\t\t<\/h3>\n\t\t\t\t\t\t\t\t\t<p class=\"elementor-icon-box-description\">\n\t\t\t\t\t\tDevis gratuit\t\t\t\t\t<\/p>\n\t\t\t\t\t\t\t<\/div>\n\t\t<\/div>\n\t\t\t\t<\/div>\n\t\t\t\t<\/div>\n\t\t\t\t\t<\/div>\n\t\t<\/div>\n\t\t\t\t<div class=\"elementor-column elementor-col-25 elementor-inner-column elementor-element elementor-element-3d6e469\" data-id=\"3d6e469\" data-element_type=\"column\" data-settings=\"{&quot;background_background&quot;:&quot;classic&quot;}\">\n\t\t\t<div class=\"elementor-widget-wrap elementor-element-populated\">\n\t\t\t\t\t\t\t\t<div class=\"elementor-element elementor-element-50fc90a elementor-widget elementor-widget-image\" data-id=\"50fc90a\" data-element_type=\"widget\" data-widget_type=\"image.default\">\n\t\t\t\t<div class=\"elementor-widget-container\">\n\t\t\t\t\t\t\t\t\t\t\t\t\t\t\t<img loading=\"lazy\" decoding=\"async\" width=\"1024\" height=\"683\" src=\"https:\/\/potentielmaison.fr\/wp-content\/uploads\/2019\/12\/deco-cuisine-1-1024x683.jpg\" class=\"attachment-large size-large wp-image-426\" alt=\"\" srcset=\"https:\/\/potentielmaison.fr\/wp-content\/uploads\/2019\/12\/deco-cuisine-1-1024x683.jpg 1024w, https:\/\/potentielmaison.fr\/wp-content\/uploads\/2019\/12\/deco-cuisine-1-300x200.jpg 300w, https:\/\/potentielmaison.fr\/wp-content\/uploads\/2019\/12\/deco-cuisine-1-768x512.jpg 768w, https:\/\/potentielmaison.fr\/wp-content\/uploads\/2019\/12\/deco-cuisine-1-1536x1024.jpg 1536w, https:\/\/potentielmaison.fr\/wp-content\/uploads\/2019\/12\/deco-cuisine-1-720x480.jpg 720w, https:\/\/potentielmaison.fr\/wp-content\/uploads\/2019\/12\/deco-cuisine-1.jpg 1920w\" sizes=\"(max-width: 1024px) 100vw, 1024px\" \/>\t\t\t\t\t\t\t\t\t\t\t\t\t\t\t<\/div>\n\t\t\t\t<\/div>\n\t\t\t\t<div class=\"elementor-element elementor-element-2380fe9 elementor-view-default elementor-position-top elementor-mobile-position-top elementor-widget elementor-widget-icon-box\" data-id=\"2380fe9\" data-element_type=\"widget\" data-widget_type=\"icon-box.default\">\n\t\t\t\t<div class=\"elementor-widget-container\">\n\t\t\t\t\t<div class=\"elementor-icon-box-wrapper\">\n\t\t\t\t\t\t<div class=\"elementor-icon-box-icon\">\n\t\t\t\t<a href=\"http:\/\/potentielmaison.fr\/index.php\/prestations\/\" class=\"elementor-icon elementor-animation-\" tabindex=\"-1\">\n\t\t\t\t<i aria-hidden=\"true\" class=\"far fa-lemon\"><\/i>\t\t\t\t<\/a>\n\t\t\t<\/div>\n\t\t\t\t\t\t<div class=\"elementor-icon-box-content\">\n\t\t\t\t<h3 class=\"elementor-icon-box-title\">\n\t\t\t\t\t<a href=\"http:\/\/potentielmaison.fr\/index.php\/prestations\/\" >\n\t\t\t\t\t\tAgencement et optimisation d'espace\t\t\t\t\t<\/a>\n\t\t\t\t<\/h3>\n\t\t\t\t\t\t\t\t\t<p class=\"elementor-icon-box-description\">\n\t\t\t\t\t\t<span style=\"white-space-collapse: collapse;\">Forfait sur devis gratuit<\/span>\t\t\t\t\t<\/p>\n\t\t\t\t\t\t\t<\/div>\n\t\t<\/div>\n\t\t\t\t<\/div>\n\t\t\t\t<\/div>\n\t\t\t\t<div class=\"elementor-element elementor-element-78c3261 elementor-widget elementor-widget-image\" data-id=\"78c3261\" data-element_type=\"widget\" data-widget_type=\"image.default\">\n\t\t\t\t<div class=\"elementor-widget-container\">\n\t\t\t\t\t\t\t\t\t\t\t\t\t\t\t<img loading=\"lazy\" decoding=\"async\" width=\"1024\" height=\"680\" src=\"https:\/\/potentielmaison.fr\/wp-content\/uploads\/2019\/12\/nuancier-architecture-interieur-1024x680.jpg\" class=\"attachment-large size-large wp-image-483\" alt=\"\" srcset=\"https:\/\/potentielmaison.fr\/wp-content\/uploads\/2019\/12\/nuancier-architecture-interieur-1024x680.jpg 1024w, https:\/\/potentielmaison.fr\/wp-content\/uploads\/2019\/12\/nuancier-architecture-interieur-300x199.jpg 300w, https:\/\/potentielmaison.fr\/wp-content\/uploads\/2019\/12\/nuancier-architecture-interieur-768x510.jpg 768w, https:\/\/potentielmaison.fr\/wp-content\/uploads\/2019\/12\/nuancier-architecture-interieur-1536x1020.jpg 1536w, https:\/\/potentielmaison.fr\/wp-content\/uploads\/2019\/12\/nuancier-architecture-interieur-720x478.jpg 720w, https:\/\/potentielmaison.fr\/wp-content\/uploads\/2019\/12\/nuancier-architecture-interieur.jpg 1920w\" sizes=\"(max-width: 1024px) 100vw, 1024px\" \/>\t\t\t\t\t\t\t\t\t\t\t\t\t\t\t<\/div>\n\t\t\t\t<\/div>\n\t\t\t\t<div class=\"elementor-element elementor-element-c193333 elementor-view-default elementor-position-top elementor-mobile-position-top elementor-widget elementor-widget-icon-box\" data-id=\"c193333\" data-element_type=\"widget\" data-widget_type=\"icon-box.default\">\n\t\t\t\t<div class=\"elementor-widget-container\">\n\t\t\t\t\t<div class=\"elementor-icon-box-wrapper\">\n\t\t\t\t\t\t<div class=\"elementor-icon-box-icon\">\n\t\t\t\t<a href=\"http:\/\/potentielmaison.fr\/index.php\/prestations\/\" class=\"elementor-icon elementor-animation-\" tabindex=\"-1\">\n\t\t\t\t<i aria-hidden=\"true\" class=\"far fa-lemon\"><\/i>\t\t\t\t<\/a>\n\t\t\t<\/div>\n\t\t\t\t\t\t<div class=\"elementor-icon-box-content\">\n\t\t\t\t<h3 class=\"elementor-icon-box-title\">\n\t\t\t\t\t<a href=\"http:\/\/potentielmaison.fr\/index.php\/prestations\/\" >\n\t\t\t\t\t\tJuste une couleur\t\t\t\t\t<\/a>\n\t\t\t\t<\/h3>\n\t\t\t\t\t\t\t\t\t<p class=\"elementor-icon-box-description\">\n\t\t\t\t\t\tA partir de 80 euros\t\t\t\t\t<\/p>\n\t\t\t\t\t\t\t<\/div>\n\t\t<\/div>\n\t\t\t\t<\/div>\n\t\t\t\t<\/div>\n\t\t\t\t\t<\/div>\n\t\t<\/div>\n\t\t\t\t<div class=\"elementor-column elementor-col-25 elementor-inner-column elementor-element elementor-element-3ba7778\" data-id=\"3ba7778\" data-element_type=\"column\" data-settings=\"{&quot;background_background&quot;:&quot;classic&quot;}\">\n\t\t\t<div class=\"elementor-widget-wrap elementor-element-populated\">\n\t\t\t\t\t\t\t\t<div class=\"elementor-element elementor-element-b6f77ed elementor-widget elementor-widget-image\" data-id=\"b6f77ed\" data-element_type=\"widget\" data-widget_type=\"image.default\">\n\t\t\t\t<div class=\"elementor-widget-container\">\n\t\t\t\t\t\t\t\t\t\t\t\t\t\t\t<img loading=\"lazy\" decoding=\"async\" width=\"580\" height=\"376\" src=\"https:\/\/potentielmaison.fr\/wp-content\/uploads\/2019\/12\/couleur7.jpg\" class=\"attachment-large size-large wp-image-615\" alt=\"\" srcset=\"https:\/\/potentielmaison.fr\/wp-content\/uploads\/2019\/12\/couleur7.jpg 580w, https:\/\/potentielmaison.fr\/wp-content\/uploads\/2019\/12\/couleur7-300x194.jpg 300w\" sizes=\"(max-width: 580px) 100vw, 580px\" \/>\t\t\t\t\t\t\t\t\t\t\t\t\t\t\t<\/div>\n\t\t\t\t<\/div>\n\t\t\t\t<div class=\"elementor-element elementor-element-85d1821 elementor-view-default elementor-position-top elementor-mobile-position-top elementor-widget elementor-widget-icon-box\" data-id=\"85d1821\" data-element_type=\"widget\" data-widget_type=\"icon-box.default\">\n\t\t\t\t<div class=\"elementor-widget-container\">\n\t\t\t\t\t<div class=\"elementor-icon-box-wrapper\">\n\t\t\t\t\t\t<div class=\"elementor-icon-box-icon\">\n\t\t\t\t<a href=\"http:\/\/potentielmaison.fr\/index.php\/prestations\/\" class=\"elementor-icon elementor-animation-\" tabindex=\"-1\">\n\t\t\t\t<i aria-hidden=\"true\" class=\"fas fa-chair\"><\/i>\t\t\t\t<\/a>\n\t\t\t<\/div>\n\t\t\t\t\t\t<div class=\"elementor-icon-box-content\">\n\t\t\t\t<h3 class=\"elementor-icon-box-title\">\n\t\t\t\t\t<a href=\"http:\/\/potentielmaison.fr\/index.php\/prestations\/\" >\n\t\t\t\t\t\tD\u00e9coration\t\t\t\t\t<\/a>\n\t\t\t\t<\/h3>\n\t\t\t\t\t\t\t\t\t<p class=\"elementor-icon-box-description\">\n\t\t\t\t\t\tA partir de 480 euros\nLa pi\u00e8ce de votre choix\t\t\t\t\t<\/p>\n\t\t\t\t\t\t\t<\/div>\n\t\t<\/div>\n\t\t\t\t<\/div>\n\t\t\t\t<\/div>\n\t\t\t\t<div class=\"elementor-element elementor-element-22cbb82 elementor-widget elementor-widget-image\" data-id=\"22cbb82\" data-element_type=\"widget\" data-widget_type=\"image.default\">\n\t\t\t\t<div class=\"elementor-widget-container\">\n\t\t\t\t\t\t\t\t\t\t\t\t\t\t\t<img loading=\"lazy\" decoding=\"async\" width=\"1024\" height=\"690\" src=\"https:\/\/potentielmaison.fr\/wp-content\/uploads\/2019\/12\/plan-RDC-r\u00e9novation-maison-1930-Lille-extension-bois-1024x690.jpg\" class=\"attachment-large size-large wp-image-678\" alt=\"\" srcset=\"https:\/\/potentielmaison.fr\/wp-content\/uploads\/2019\/12\/plan-RDC-r\u00e9novation-maison-1930-Lille-extension-bois-1024x690.jpg 1024w, https:\/\/potentielmaison.fr\/wp-content\/uploads\/2019\/12\/plan-RDC-r\u00e9novation-maison-1930-Lille-extension-bois-300x202.jpg 300w, https:\/\/potentielmaison.fr\/wp-content\/uploads\/2019\/12\/plan-RDC-r\u00e9novation-maison-1930-Lille-extension-bois-768x518.jpg 768w, https:\/\/potentielmaison.fr\/wp-content\/uploads\/2019\/12\/plan-RDC-r\u00e9novation-maison-1930-Lille-extension-bois-1536x1035.jpg 1536w, https:\/\/potentielmaison.fr\/wp-content\/uploads\/2019\/12\/plan-RDC-r\u00e9novation-maison-1930-Lille-extension-bois-2048x1380.jpg 2048w, https:\/\/potentielmaison.fr\/wp-content\/uploads\/2019\/12\/plan-RDC-r\u00e9novation-maison-1930-Lille-extension-bois-720x485.jpg 720w\" sizes=\"(max-width: 1024px) 100vw, 1024px\" \/>\t\t\t\t\t\t\t\t\t\t\t\t\t\t\t<\/div>\n\t\t\t\t<\/div>\n\t\t\t\t<div class=\"elementor-element elementor-element-5dbfa3f elementor-view-default elementor-position-top elementor-mobile-position-top elementor-widget elementor-widget-icon-box\" data-id=\"5dbfa3f\" data-element_type=\"widget\" data-widget_type=\"icon-box.default\">\n\t\t\t\t<div class=\"elementor-widget-container\">\n\t\t\t\t\t<div class=\"elementor-icon-box-wrapper\">\n\t\t\t\t\t\t<div class=\"elementor-icon-box-icon\">\n\t\t\t\t<a href=\"http:\/\/potentielmaison.fr\/index.php\/prestations\/\" class=\"elementor-icon elementor-animation-\" tabindex=\"-1\">\n\t\t\t\t<i aria-hidden=\"true\" class=\"far fa-lightbulb\"><\/i>\t\t\t\t<\/a>\n\t\t\t<\/div>\n\t\t\t\t\t\t<div class=\"elementor-icon-box-content\">\n\t\t\t\t<h3 class=\"elementor-icon-box-title\">\n\t\t\t\t\t<a href=\"http:\/\/potentielmaison.fr\/index.php\/prestations\/\" >\n\t\t\t\t\t\tE-coaching d\u00e9co\t\t\t\t\t<\/a>\n\t\t\t\t<\/h3>\n\t\t\t\t\t\t\t\t\t<p class=\"elementor-icon-box-description\">\n\t\t\t\t\t\t<span style=\"white-space-collapse: collapse;\">A partir de 250 euros<\/span><br>la visite conseil d'une demi-journ\u00e9e en visio\t\t\t\t\t<\/p>\n\t\t\t\t\t\t\t<\/div>\n\t\t<\/div>\n\t\t\t\t<\/div>\n\t\t\t\t<\/div>\n\t\t\t\t\t<\/div>\n\t\t<\/div>\n\t\t\t\t<div class=\"elementor-column elementor-col-25 elementor-inner-column elementor-element elementor-element-24842fe\" data-id=\"24842fe\" data-element_type=\"column\" data-settings=\"{&quot;background_background&quot;:&quot;classic&quot;}\">\n\t\t\t<div class=\"elementor-widget-wrap elementor-element-populated\">\n\t\t\t\t\t\t\t\t<div class=\"elementor-element elementor-element-c91b4d8 elementor-widget elementor-widget-image\" data-id=\"c91b4d8\" data-element_type=\"widget\" data-widget_type=\"image.default\">\n\t\t\t\t<div class=\"elementor-widget-container\">\n\t\t\t\t\t\t\t\t\t\t\t\t\t\t\t<img loading=\"lazy\" decoding=\"async\" width=\"1024\" height=\"683\" src=\"https:\/\/potentielmaison.fr\/wp-content\/uploads\/2019\/12\/interieur-deco-1024x683.jpg\" class=\"attachment-large size-large wp-image-430\" alt=\"\" srcset=\"https:\/\/potentielmaison.fr\/wp-content\/uploads\/2019\/12\/interieur-deco-1024x683.jpg 1024w, https:\/\/potentielmaison.fr\/wp-content\/uploads\/2019\/12\/interieur-deco-300x200.jpg 300w, https:\/\/potentielmaison.fr\/wp-content\/uploads\/2019\/12\/interieur-deco-768x512.jpg 768w, https:\/\/potentielmaison.fr\/wp-content\/uploads\/2019\/12\/interieur-deco-1536x1025.jpg 1536w, https:\/\/potentielmaison.fr\/wp-content\/uploads\/2019\/12\/interieur-deco-720x480.jpg 720w, https:\/\/potentielmaison.fr\/wp-content\/uploads\/2019\/12\/interieur-deco.jpg 1920w\" sizes=\"(max-width: 1024px) 100vw, 1024px\" \/>\t\t\t\t\t\t\t\t\t\t\t\t\t\t\t<\/div>\n\t\t\t\t<\/div>\n\t\t\t\t<div class=\"elementor-element elementor-element-4acadf4 elementor-view-default elementor-position-top elementor-mobile-position-top elementor-widget elementor-widget-icon-box\" data-id=\"4acadf4\" data-element_type=\"widget\" data-widget_type=\"icon-box.default\">\n\t\t\t\t<div class=\"elementor-widget-container\">\n\t\t\t\t\t<div class=\"elementor-icon-box-wrapper\">\n\t\t\t\t\t\t<div class=\"elementor-icon-box-icon\">\n\t\t\t\t<a href=\"http:\/\/potentielmaison.fr\/index.php\/prestations\/\" class=\"elementor-icon elementor-animation-\" tabindex=\"-1\">\n\t\t\t\t<i aria-hidden=\"true\" class=\"fas fa-city\"><\/i>\t\t\t\t<\/a>\n\t\t\t<\/div>\n\t\t\t\t\t\t<div class=\"elementor-icon-box-content\">\n\t\t\t\t<h3 class=\"elementor-icon-box-title\">\n\t\t\t\t\t<a href=\"http:\/\/potentielmaison.fr\/index.php\/prestations\/\" >\n\t\t\t\t\t\tFormule D\u00e9m\u00e9nagement\t\t\t\t\t<\/a>\n\t\t\t\t<\/h3>\n\t\t\t\t\t\t\t\t\t<p class=\"elementor-icon-box-description\">\n\t\t\t\t\t\t<span style=\"white-space-collapse: collapse;\">Un forfait tout compris devis gratuit<\/span>\t\t\t\t\t<\/p>\n\t\t\t\t\t\t\t<\/div>\n\t\t<\/div>\n\t\t\t\t<\/div>\n\t\t\t\t<\/div>\n\t\t\t\t\t<\/div>\n\t\t<\/div>\n\t\t\t\t\t\t\t<\/div>\n\t\t<\/section>\n\t\t\t\t\t<\/div>\n\t\t<\/div>\n\t\t\t\t\t\t\t<\/div>\n\t\t<\/section>\n\t\t\t\t<section class=\"elementor-section elementor-top-section elementor-element elementor-element-148bcac elementor-section-boxed elementor-section-height-default elementor-section-height-default\" data-id=\"148bcac\" data-element_type=\"section\" data-settings=\"{&quot;background_background&quot;:&quot;classic&quot;}\">\n\t\t\t\t\t\t<div class=\"elementor-container elementor-column-gap-wider\">\n\t\t\t\t\t<div class=\"elementor-column elementor-col-33 elementor-top-column elementor-element elementor-element-79b1579\" data-id=\"79b1579\" data-element_type=\"column\">\n\t\t\t<div class=\"elementor-widget-wrap elementor-element-populated\">\n\t\t\t\t\t\t\t\t<div class=\"elementor-element elementor-element-c0edb7e elementor-widget elementor-widget-icon-box\" data-id=\"c0edb7e\" data-element_type=\"widget\" data-widget_type=\"icon-box.default\">\n\t\t\t\t<div class=\"elementor-widget-container\">\n\t\t\t\t\t<div class=\"elementor-icon-box-wrapper\">\n\t\t\t\t\t\t<div class=\"elementor-icon-box-content\">\n\t\t\t\t<h3 class=\"elementor-icon-box-title\">\n\t\t\t\t\t<span  >\n\t\t\t\t\t\tPhilosophie\t\t\t\t\t<\/span>\n\t\t\t\t<\/h3>\n\t\t\t\t\t\t\t\t\t<p class=\"elementor-icon-box-description\">\n\t\t\t\t\t\tVotre lieu de vie impacte directement votre vie.\nVous avez un projet, envie d\u2019une nouvelle cuisine ou besoin d\u2019optimiser votre espace. Pour chaque questions, nous trouverons la formule adapt\u00e9e \u00e0 vos besoins et votre budget.\n\nQue vous soyez particulier ou professionnel, j\u2019aurai plaisir \u00e0 vous accompagner.\t\t\t\t\t<\/p>\n\t\t\t\t\t\t\t<\/div>\n\t\t<\/div>\n\t\t\t\t<\/div>\n\t\t\t\t<\/div>\n\t\t\t\t\t<\/div>\n\t\t<\/div>\n\t\t\t\t<div class=\"elementor-column elementor-col-33 elementor-top-column elementor-element elementor-element-2fc382e\" data-id=\"2fc382e\" data-element_type=\"column\">\n\t\t\t<div class=\"elementor-widget-wrap elementor-element-populated\">\n\t\t\t\t\t\t\t\t<div class=\"elementor-element elementor-element-b0efaf4 elementor-widget elementor-widget-icon-box\" data-id=\"b0efaf4\" data-element_type=\"widget\" data-widget_type=\"icon-box.default\">\n\t\t\t\t<div class=\"elementor-widget-container\">\n\t\t\t\t\t<div class=\"elementor-icon-box-wrapper\">\n\t\t\t\t\t\t<div class=\"elementor-icon-box-content\">\n\t\t\t\t<h3 class=\"elementor-icon-box-title\">\n\t\t\t\t\t<span  >\n\t\t\t\t\t\tVision\t\t\t\t\t<\/span>\n\t\t\t\t<\/h3>\n\t\t\t\t\t\t\t\t\t<p class=\"elementor-icon-box-description\">\n\t\t\t\t\t\tPour chaque projet, je pars toujours en \u00e9tablissant un programme. Il part de vous. \nNous prendrons le temps n\u00e9cessaire pour formuler vos attentes, en terme de go\u00fbts et de couleurs, pour que le projet soit beau, car le beau fait du bien. Nous nous questionnerons sur votre mode de vie, les rythmes et usages, pour qu\u2019il soit bien pens\u00e9.\n\nJe tiendrai compte de la sp\u00e9cificit\u00e9 du lieu et bien s\u00fbr de votre budget, pour vous proposer un projet r\u00e9ellement sur-mesure.<br>\t\t\t\t\t<\/p>\n\t\t\t\t\t\t\t<\/div>\n\t\t<\/div>\n\t\t\t\t<\/div>\n\t\t\t\t<\/div>\n\t\t\t\t\t<\/div>\n\t\t<\/div>\n\t\t\t\t<div class=\"elementor-column elementor-col-33 elementor-top-column elementor-element elementor-element-62bb17a\" data-id=\"62bb17a\" data-element_type=\"column\">\n\t\t\t<div class=\"elementor-widget-wrap elementor-element-populated\">\n\t\t\t\t\t\t\t\t<div class=\"elementor-element elementor-element-3ee324a elementor-widget elementor-widget-icon-box\" data-id=\"3ee324a\" data-element_type=\"widget\" data-widget_type=\"icon-box.default\">\n\t\t\t\t<div class=\"elementor-widget-container\">\n\t\t\t\t\t<div class=\"elementor-icon-box-wrapper\">\n\t\t\t\t\t\t<div class=\"elementor-icon-box-content\">\n\t\t\t\t<h3 class=\"elementor-icon-box-title\">\n\t\t\t\t\t<span  >\n\t\t\t\t\t\tEn pratique\t\t\t\t\t<\/span>\n\t\t\t\t<\/h3>\n\t\t\t\t\t\t\t\t\t<p class=\"elementor-icon-box-description\">\n\t\t\t\t\t\tL'\u00e9tude  d\u00e9taill\u00e9e du potentiel de votre habitat et de vos besoins permet aussi d'optimiser vos m\u00e8tres carr\u00e9s et d'augmenter la valeur \u00e0 votre bien. \n\nChoisir de me confier votre projet, c\u2019est vous assurer que chaque d\u00e9tail aura \u00e9t\u00e9 pens\u00e9 de mani\u00e8re professionnelle et que vous pourrez vous lancer dans un projet viable dont vous serez s\u00fbr que le r\u00e9sultat vous plaise.\n\nQue vous soyez particulier ou professionnel, j\u2019aurai plaisir \u00e0 vous accompagner.\t\t\t\t\t<\/p>\n\t\t\t\t\t\t\t<\/div>\n\t\t<\/div>\n\t\t\t\t<\/div>\n\t\t\t\t<\/div>\n\t\t\t\t\t<\/div>\n\t\t<\/div>\n\t\t\t\t\t\t\t<\/div>\n\t\t<\/section>\n\t\t\t\t<section class=\"elementor-section elementor-top-section elementor-element elementor-element-20eabd7 elementor-section-boxed elementor-section-height-default elementor-section-height-default\" data-id=\"20eabd7\" data-element_type=\"section\">\n\t\t\t\t\t\t<div class=\"elementor-container elementor-column-gap-default\">\n\t\t\t\t\t<div class=\"elementor-column elementor-col-100 elementor-top-column elementor-element elementor-element-cec84b3\" data-id=\"cec84b3\" data-element_type=\"column\">\n\t\t\t<div class=\"elementor-widget-wrap\">\n\t\t\t\t\t\t\t\t\t<\/div>\n\t\t<\/div>\n\t\t\t\t\t\t\t<\/div>\n\t\t<\/section>\n\t\t\t\t\t\t\t<\/div>\n\t\t","protected":false},"excerpt":{"rendered":"<p>Rencontrons nous Passionn\u00e9e depuis toujours par la couleur et le volume, j&rsquo;ai \u00e9tudi\u00e9 l&rsquo;architecture int\u00e9rieur \u00e0 l&rsquo;\u00e9cole CAMONDO (dipl\u00f4me d&rsquo;\u00e9tat). [&hellip;]<\/p>\n","protected":false},"author":1,"featured_media":0,"parent":0,"menu_order":0,"comment_status":"closed","ping_status":"closed","template":"page-templates\/template_page-builder.php","meta":{"footnotes":""},"yoast_head":"<!-- This site is optimized with the Yoast SEO plugin v20.4 - https:\/\/yoast.com\/wordpress\/plugins\/seo\/ -->\n<title>Accueil - Potentiel Maison<\/title>\n<meta name=\"robots\" content=\"index, follow, max-snippet:-1, max-image-preview:large, max-video-preview:-1\" \/>\n<link rel=\"canonical\" href=\"https:\/\/potentielmaison.fr\/index.php\/about-us\/\" \/>\n<meta property=\"og:locale\" content=\"fr_FR\" \/>\n<meta property=\"og:type\" content=\"article\" \/>\n<meta property=\"og:title\" content=\"Accueil - Potentiel Maison\" \/>\n<meta property=\"og:description\" content=\"Rencontrons nous Passionn\u00e9e depuis toujours par la couleur et le volume, j&rsquo;ai \u00e9tudi\u00e9 l&rsquo;architecture int\u00e9rieur \u00e0 l&rsquo;\u00e9cole CAMONDO (dipl\u00f4me d&rsquo;\u00e9tat). [&hellip;]\" \/>\n<meta property=\"og:url\" content=\"https:\/\/potentielmaison.fr\/index.php\/about-us\/\" \/>\n<meta property=\"og:site_name\" content=\"Potentiel Maison\" \/>\n<meta property=\"article:modified_time\" content=\"2024-06-06T07:57:50+00:00\" \/>\n<meta property=\"og:image\" content=\"https:\/\/potentielmaison.fr\/wp-content\/uploads\/2019\/12\/interieur-deco-1024x683.jpg\" \/>\n<meta name=\"twitter:card\" content=\"summary_large_image\" \/>\n<meta name=\"twitter:label1\" content=\"Dur\u00e9e de lecture estim\u00e9e\" \/>\n\t<meta name=\"twitter:data1\" content=\"2 minutes\" \/>\n<script type=\"application\/ld+json\" class=\"yoast-schema-graph\">{\"@context\":\"https:\/\/schema.org\",\"@graph\":[{\"@type\":\"WebPage\",\"@id\":\"https:\/\/potentielmaison.fr\/index.php\/about-us\/\",\"url\":\"https:\/\/potentielmaison.fr\/index.php\/about-us\/\",\"name\":\"Accueil - Potentiel Maison\",\"isPartOf\":{\"@id\":\"https:\/\/potentielmaison.fr\/#website\"},\"datePublished\":\"2018-09-25T08:26:41+00:00\",\"dateModified\":\"2024-06-06T07:57:50+00:00\",\"breadcrumb\":{\"@id\":\"https:\/\/potentielmaison.fr\/index.php\/about-us\/#breadcrumb\"},\"inLanguage\":\"fr-FR\",\"potentialAction\":[{\"@type\":\"ReadAction\",\"target\":[\"https:\/\/potentielmaison.fr\/index.php\/about-us\/\"]}]},{\"@type\":\"BreadcrumbList\",\"@id\":\"https:\/\/potentielmaison.fr\/index.php\/about-us\/#breadcrumb\",\"itemListElement\":[{\"@type\":\"ListItem\",\"position\":1,\"name\":\"Accueil\",\"item\":\"https:\/\/potentielmaison.fr\/\"},{\"@type\":\"ListItem\",\"position\":2,\"name\":\"Accueil\"}]},{\"@type\":\"WebSite\",\"@id\":\"https:\/\/potentielmaison.fr\/#website\",\"url\":\"https:\/\/potentielmaison.fr\/\",\"name\":\"Potentiel Maison\",\"description\":\"Sylvie Gu\u00e9n\u00e9zan \/ Architecte d&#039;int\u00e9rieur \/ D\u00e9corateur d&#039;int\u00e9rieur\",\"publisher\":{\"@id\":\"https:\/\/potentielmaison.fr\/#\/schema\/person\/6393dd3b34a9b47ed941a2f74313ffa5\"},\"potentialAction\":[{\"@type\":\"SearchAction\",\"target\":{\"@type\":\"EntryPoint\",\"urlTemplate\":\"https:\/\/potentielmaison.fr\/?s={search_term_string}\"},\"query-input\":\"required name=search_term_string\"}],\"inLanguage\":\"fr-FR\"},{\"@type\":[\"Person\",\"Organization\"],\"@id\":\"https:\/\/potentielmaison.fr\/#\/schema\/person\/6393dd3b34a9b47ed941a2f74313ffa5\",\"name\":\"sylvie\",\"logo\":{\"@id\":\"https:\/\/potentielmaison.fr\/#\/schema\/person\/image\/\"}}]}<\/script>\n<!-- \/ Yoast SEO plugin. -->","yoast_head_json":{"title":"Accueil - Potentiel Maison","robots":{"index":"index","follow":"follow","max-snippet":"max-snippet:-1","max-image-preview":"max-image-preview:large","max-video-preview":"max-video-preview:-1"},"canonical":"https:\/\/potentielmaison.fr\/index.php\/about-us\/","og_locale":"fr_FR","og_type":"article","og_title":"Accueil - Potentiel Maison","og_description":"Rencontrons nous Passionn\u00e9e depuis toujours par la couleur et le volume, j&rsquo;ai \u00e9tudi\u00e9 l&rsquo;architecture int\u00e9rieur \u00e0 l&rsquo;\u00e9cole CAMONDO (dipl\u00f4me d&rsquo;\u00e9tat). [&hellip;]","og_url":"https:\/\/potentielmaison.fr\/index.php\/about-us\/","og_site_name":"Potentiel Maison","article_modified_time":"2024-06-06T07:57:50+00:00","og_image":[{"url":"https:\/\/potentielmaison.fr\/wp-content\/uploads\/2019\/12\/interieur-deco-1024x683.jpg"}],"twitter_card":"summary_large_image","twitter_misc":{"Dur\u00e9e de lecture estim\u00e9e":"2 minutes"},"schema":{"@context":"https:\/\/schema.org","@graph":[{"@type":"WebPage","@id":"https:\/\/potentielmaison.fr\/index.php\/about-us\/","url":"https:\/\/potentielmaison.fr\/index.php\/about-us\/","name":"Accueil - Potentiel Maison","isPartOf":{"@id":"https:\/\/potentielmaison.fr\/#website"},"datePublished":"2018-09-25T08:26:41+00:00","dateModified":"2024-06-06T07:57:50+00:00","breadcrumb":{"@id":"https:\/\/potentielmaison.fr\/index.php\/about-us\/#breadcrumb"},"inLanguage":"fr-FR","potentialAction":[{"@type":"ReadAction","target":["https:\/\/potentielmaison.fr\/index.php\/about-us\/"]}]},{"@type":"BreadcrumbList","@id":"https:\/\/potentielmaison.fr\/index.php\/about-us\/#breadcrumb","itemListElement":[{"@type":"ListItem","position":1,"name":"Accueil","item":"https:\/\/potentielmaison.fr\/"},{"@type":"ListItem","position":2,"name":"Accueil"}]},{"@type":"WebSite","@id":"https:\/\/potentielmaison.fr\/#website","url":"https:\/\/potentielmaison.fr\/","name":"Potentiel Maison","description":"Sylvie Gu\u00e9n\u00e9zan \/ Architecte d&#039;int\u00e9rieur \/ D\u00e9corateur d&#039;int\u00e9rieur","publisher":{"@id":"https:\/\/potentielmaison.fr\/#\/schema\/person\/6393dd3b34a9b47ed941a2f74313ffa5"},"potentialAction":[{"@type":"SearchAction","target":{"@type":"EntryPoint","urlTemplate":"https:\/\/potentielmaison.fr\/?s={search_term_string}"},"query-input":"required name=search_term_string"}],"inLanguage":"fr-FR"},{"@type":["Person","Organization"],"@id":"https:\/\/potentielmaison.fr\/#\/schema\/person\/6393dd3b34a9b47ed941a2f74313ffa5","name":"sylvie","logo":{"@id":"https:\/\/potentielmaison.fr\/#\/schema\/person\/image\/"}}]}},"_links":{"self":[{"href":"https:\/\/potentielmaison.fr\/index.php\/wp-json\/wp\/v2\/pages\/378"}],"collection":[{"href":"https:\/\/potentielmaison.fr\/index.php\/wp-json\/wp\/v2\/pages"}],"about":[{"href":"https:\/\/potentielmaison.fr\/index.php\/wp-json\/wp\/v2\/types\/page"}],"author":[{"embeddable":true,"href":"https:\/\/potentielmaison.fr\/index.php\/wp-json\/wp\/v2\/users\/1"}],"replies":[{"embeddable":true,"href":"https:\/\/potentielmaison.fr\/index.php\/wp-json\/wp\/v2\/comments?post=378"}],"version-history":[{"count":26,"href":"https:\/\/potentielmaison.fr\/index.php\/wp-json\/wp\/v2\/pages\/378\/revisions"}],"predecessor-version":[{"id":1949,"href":"https:\/\/potentielmaison.fr\/index.php\/wp-json\/wp\/v2\/pages\/378\/revisions\/1949"}],"wp:attachment":[{"href":"https:\/\/potentielmaison.fr\/index.php\/wp-json\/wp\/v2\/media?parent=378"}],"curies":[{"name":"wp","href":"https:\/\/api.w.org\/{rel}","templated":true}]}}